{"id":893,"date":"2020-06-08T19:13:06","date_gmt":"2020-06-08T22:13:06","guid":{"rendered":"https:\/\/jorgedonn-caba.infd.edu.ar\/sitio\/?page_id=893"},"modified":"2022-03-15T22:12:34","modified_gmt":"2022-03-16T01:12:34","slug":"becas","status":"publish","type":"page","link":"https:\/\/jorgedonn-caba.infd.edu.ar\/sitio\/becas\/","title":{"rendered":"Becas"},"content":{"rendered":"<div id=\"metaslider-id-1289\" style=\"width: 100%;\" class=\"ml-slider-3-33-0 metaslider metaslider-flex metaslider-1289 ml-slider ms-theme-default nav-hidden\" role=\"region\" aria-roledescription=\"Slideshow\" aria-label=\"Slideshow\">\n    <div id=\"metaslider_container_1289\">\n        <div id=\"metaslider_1289\" class=\"flexslider\">\n            <ul aria-live=\"polite\" class=\"slides\">\n                <li style=\"display: block; width: 100%;\" class=\"slide-1306 ms-image\" aria-roledescription=\"slide\" aria-label=\"slide-1306\"><a href=\"https:\/\/www.buenosaires.gob.ar\/educacion\/estudiantes\/inscripcionescolar\/terciario\/becas-superior\" target=\"_blank\"><img src=\"https:\/\/jorgedonn-caba.infd.edu.ar\/sitio\/wp-content\/uploads\/2020\/10\/45346130-9172-4D12-8DCA-E3CA1CC98051-900x280.png\" height=\"280\" width=\"900\" alt=\"\" class=\"slider-1289 slide-1306\" title=\"BECAS CIUDAD - Nivel Superior\" \/><\/a><\/li>\n                <li style=\"display: none; width: 100%;\" class=\"slide-1307 ms-image\" aria-roledescription=\"slide\" aria-label=\"slide-1307\"><a href=\"https:\/\/www.argentina.gob.ar\/educacion\/progresar\/requisitos\/progresar-nivel-superior\" target=\"_blank\"><img src=\"https:\/\/jorgedonn-caba.infd.edu.ar\/sitio\/wp-content\/uploads\/2020\/10\/9E67ABAE-5180-4AF7-A214-BA34C2BB062E-900x280.png\" height=\"280\" width=\"900\" alt=\"\" class=\"slider-1289 slide-1307\" title=\"Becas Progresar\" \/><\/a><\/li>\n                <li style=\"display: none; width: 100%;\" class=\"slide-1308 ms-image\" aria-roledescription=\"slide\" aria-label=\"slide-1308\"><a href=\"https:\/\/www.argentina.gob.ar\/educacion\/becas\" target=\"_blank\"><img src=\"https:\/\/jorgedonn-caba.infd.edu.ar\/sitio\/wp-content\/uploads\/2020\/10\/C70D0494-810F-4546-85D0-E8EC770315A8-900x280.png\" height=\"280\" width=\"900\" alt=\"\" class=\"slider-1289 slide-1308\" title=\"Informate sobre OTRAS BECAS\" \/><\/a><\/li>\n            <\/ul>\n        <\/div>\n        \n    <\/div>\n<\/div>\n<h1>M\u00e1s informaci\u00f3n sobre BECAS<\/h1>\n<h2>Becas Progresar Superior<\/h2>\n<h4>\u00bfQui\u00e9nes pueden inscribirse a la Beca?<\/h4>\n<ul>\n<li>J\u00f3venes de 18 a 24 a\u00f1os de edad.<\/li>\n<li>Estudiantes avanzados\/as hasta 30 a\u00f1os de edad.<\/li>\n<li>Madres de hogares monoparentales hasta 35 a\u00f1os de edad.<\/li>\n<li>Estudiantes de enfermer\u00eda (PRONAFE) y otros grupos prioritarios sin l\u00edmites de edad.<\/li>\n<li>Personas con discapacidad sin l\u00edmites de edad en todos los niveles.<\/li>\n<li>Personas trans sin l\u00edmites de edad en todos los niveles.<\/li>\n<\/ul>\n<h4>Requisitos:<\/h4>\n<ul>\n<li>Ser argentina\/o nativa\/o o por opci\u00f3n.<\/li>\n<li>Tener al momento del cierre de la convocatoria, en el caso de alumnos\/as ingresantes, entre dieciocho (18) y veinticuatro (24) a\u00f1os de edad cumplidos y para el caso de alumnos\/as avanzados\/as en la carrera, hasta treinta (30) a\u00f1os cumplidos. Para el caso de grupos en condici\u00f3n de vulnerabilidad multidimensional, tanto ingresantes como avanzados\/as, la edad se extiende hasta treinta y cinco (35) a\u00f1os y particularmente para las personas trans e integrantes de las comunidades ind\u00edgenas y\/o pertenecientes a pueblos originarios no se establece l\u00edmite de edad.<\/li>\n<li>El total de tus ingresos y los de tu grupo familiar debe ser menor a la suma de tres salarios m\u00ednimos, vitales y m\u00f3viles.<\/li>\n<li>Ser egresada\/o del nivel medio y no adeudar materias al momento de la inscripci\u00f3n.<\/li>\n<li>Cumplir con los requisitos acad\u00e9micos establecidos.<\/li>\n<\/ul>\n<h3>La inscripci\u00f3n se realiza on line en\u00a0<a href=\"https:\/\/becasprogresar.educacion.gob.ar\/inicio_nivel_superior.php\" target=\"_blank\" rel=\"noopener\">https:\/\/progresar.educacion.gob.ar\/<\/a><\/h3>\n<p><a href=\"https:\/\/jorgedonn-caba.infd.edu.ar\/sitio\/wp-content\/uploads\/2020\/10\/BP_bases_y_condiciones-2020.pdf\" target=\"_blank\" rel=\"noopener\"><img decoding=\"async\" loading=\"lazy\" class=\"aligncenter wp-image-1336\" src=\"https:\/\/jorgedonn-caba.infd.edu.ar\/sitio\/wp-content\/uploads\/2020\/10\/Imagen1-1000x314.png\" alt=\"\" width=\"526\" height=\"165\" srcset=\"https:\/\/jorgedonn-caba.infd.edu.ar\/sitio\/wp-content\/uploads\/2020\/10\/Imagen1-1000x314.png 1000w, https:\/\/jorgedonn-caba.infd.edu.ar\/sitio\/wp-content\/uploads\/2020\/10\/Imagen1-768x241.png 768w, https:\/\/jorgedonn-caba.infd.edu.ar\/sitio\/wp-content\/uploads\/2020\/10\/Imagen1.png 1077w\" sizes=\"(max-width: 526px) 100vw, 526px\" \/><\/a><\/p>\n<pre><em><b>OBTEN\u00c9 MAS INFORMACI\u00d3N HACIENDO CLIC EN LA IMAGEN DE ABAJO.  POD\u00c9S DESCARGARTE EL DOCUMENTO EN FORMATO PDF.<\/b><\/em><\/pre>\n<p style=\"text-align: center;\"><a href=\"https:\/\/jorgedonn-caba.infd.edu.ar\/sitio\/wp-content\/uploads\/2020\/10\/consultas_frecuentes_progresar_superior.pdf\" target=\"_blank\" rel=\"noopener\"><img decoding=\"async\" loading=\"lazy\" class=\"alignnone wp-image-1327 size-full\" src=\"https:\/\/jorgedonn-caba.infd.edu.ar\/sitio\/wp-content\/uploads\/2020\/10\/Imagen2.png\" alt=\"\" width=\"835\" height=\"169\" srcset=\"https:\/\/jorgedonn-caba.infd.edu.ar\/sitio\/wp-content\/uploads\/2020\/10\/Imagen2.png 835w, https:\/\/jorgedonn-caba.infd.edu.ar\/sitio\/wp-content\/uploads\/2020\/10\/Imagen2-768x155.png 768w\" sizes=\"(max-width: 835px) 100vw, 835px\" \/><\/a><\/p>\n<h5 style=\"text-align: left;\">SI YA SOS BENEFICIARIO\/A\u00a0 DE LA BECA, CONSULT\u00c1 EL <a href=\"https:\/\/bidi.educacion.gob.ar\/progresar\/index.html\" target=\"_blank\" rel=\"noopener\">BOLET\u00cdN INFORMATIVO<\/a><\/h5>\n<ul>\n<li>Cronograma de pagos, monto de las\u00a0becas, modalidades de cobro.<\/li>\n<li>Informaci\u00f3n sobre los plazos vigentes.<\/li>\n<li>Preguntas frecuentes.<\/li>\n<li>Contactos \u00fatiles, prevenci\u00f3n y acompa\u00f1amiento.<\/li>\n<\/ul>\n<hr \/>\n<h2>Becas Ciudad &#8211; Educaci\u00f3n Superior<\/h2>\n<h4>\u00bfQui\u00e9nes pueden inscribirse a la Beca?<\/h4>\n<p>Los\/as estudiantes ingresantes de las carreras de Formaci\u00f3n Docente, T\u00e9cnica Superior y Art\u00edstica que cursen en institutos de nivel superior dependientes del Gobierno de la Ciudad Aut\u00f3noma de Buenos Aires.<\/p>\n<h4>\u00bfCu\u00e1l es el objetivo del programa?<\/h4>\n<p>Facilitar el acceso a estudios de nivel superior a aquellos\/as estudiantes que, careciendo de recursos econ\u00f3micos suficientes, alcancen un buen rendimiento acad\u00e9mico y regularidad en sus estudios desde el comienzo de la carrera y hasta el egreso.<\/p>\n<h4>Requisitos:<\/h4>\n<ul>\n<li>haber egresado de los estudios de nivel medio el a\u00f1o inmediatamente anterior de la asignaci\u00f3n de la beca,<\/li>\n<li>acreditar un promedio similar o superior a 7 (siete) puntos en el nivel medio,<\/li>\n<li>demostrar una dedicaci\u00f3n exclusiva a los estudios, no pudiendo ejercer trabajos rentados mientras sea beneficiario\/a.<\/li>\n<\/ul>\n<p>El Ministerio de Educaci\u00f3n establecer\u00e1 un orden de m\u00e9rito resultante de la ponderaci\u00f3n de la condici\u00f3n socioecon\u00f3mica y acad\u00e9mica de los\/las postulantes. Esto significa que\u00a0<strong>la postulaci\u00f3n no implica la obtenci\u00f3n de la beca de un modo directo.<\/strong> Los\/las beneficiarios recibir\u00e1n una asignaci\u00f3n monetaria que se abona en cuotas a lo largo del ciclo lectivo. <strong>El beneficio se podr\u00e1 renovar anualmente hasta concluir los estudios si el\/la estudiante mantiene las condiciones que posibilitaron la asignaci\u00f3n de la beca.<\/strong>\u00a0A su vez el\/la becario\/a deber\u00e1 cursar y aprobar todas las materias obligatorias de cada a\u00f1o de estudio, seg\u00fan corresponda a cada carrera, con un promedio de 7 (siete) puntos o m\u00e1s.<\/p>\n<h3>La inscripci\u00f3n se realiza en nuestra escuela.<\/h3>\n<pre><em><b> OBTEN\u00c9 MAS INFORMACI\u00d3N HACIENDO CLIC EN LA IMAGEN DE ABAJO.  POD\u00c9S DESCARGARTE EL DOCUMENTO EN FORMATO PDF.<\/b><\/em><\/pre>\n<p style=\"text-align: center;\"><a href=\"https:\/\/jorgedonn-caba.infd.edu.ar\/sitio\/wp-content\/uploads\/2020\/10\/ley1843-05_0.pdf\" target=\"_blank\" rel=\"noopener\"><img decoding=\"async\" loading=\"lazy\" class=\"aligncenter wp-image-1323 size-full\" src=\"https:\/\/jorgedonn-caba.infd.edu.ar\/sitio\/wp-content\/uploads\/2020\/10\/Imagen1-1.png\" alt=\"\" width=\"738\" height=\"201\" \/><\/a><\/p>\n<p><a href=\"https:\/\/jorgedonn-caba.infd.edu.ar\/sitio\/wp-content\/uploads\/2020\/10\/ley1843-05_0.pdf\" target=\"_blank\" rel=\"noopener\"><img decoding=\"async\" loading=\"lazy\" class=\"aligncenter wp-image-1319 size-full\" src=\"https:\/\/jorgedonn-caba.infd.edu.ar\/sitio\/wp-content\/uploads\/2020\/10\/becas-superior-.png\" alt=\"\" width=\"717\" height=\"180\" \/><\/a><\/p>\n<h4>Dejanos tu consulta:<\/h4>\n\n<div class=\"wpcf7 no-js\" id=\"wpcf7-f57-o1\" lang=\"es-ES\" dir=\"ltr\">\n<div class=\"screen-reader-response\"><p role=\"status\" aria-live=\"polite\" aria-atomic=\"true\"><\/p> <ul><\/ul><\/div>\n<form action=\"\/sitio\/wp-json\/wp\/v2\/pages\/893#wpcf7-f57-o1\" method=\"post\" class=\"wpcf7-form init\" aria-label=\"Formulario de contacto\" novalidate=\"novalidate\" data-status=\"init\">\n<div style=\"display: none;\">\n<input type=\"hidden\" name=\"_wpcf7\" value=\"57\" \/>\n<input type=\"hidden\" name=\"_wpcf7_version\" value=\"5.7.7\" \/>\n<input type=\"hidden\" name=\"_wpcf7_locale\" value=\"es_ES\" \/>\n<input type=\"hidden\" name=\"_wpcf7_unit_tag\" value=\"wpcf7-f57-o1\" \/>\n<input type=\"hidden\" name=\"_wpcf7_container_post\" value=\"0\" \/>\n<input type=\"hidden\" name=\"_wpcf7_posted_data_hash\" value=\"\" \/>\n<input type=\"hidden\" name=\"_wpcf7_recaptcha_response\" value=\"\" \/>\n<\/div>\n<p><label><br \/>\n<b>* Nombre<\/b><br \/>\n<span class=\"wpcf7-form-control-wrap\" data-name=\"your-nombre\"><input size=\"40\" class=\"wpcf7-form-control wpcf7-text wpcf7-validates-as-required\" aria-required=\"true\" aria-invalid=\"false\" value=\"\" type=\"text\" name=\"your-nombre\" \/><\/span><br \/>\n<\/label><br \/>\n<label><br \/>\n<b>* Apellidos<\/b><br \/>\n<span class=\"wpcf7-form-control-wrap\" data-name=\"your-apellidos\"><input size=\"40\" class=\"wpcf7-form-control wpcf7-text wpcf7-validates-as-required\" aria-required=\"true\" aria-invalid=\"false\" value=\"\" type=\"text\" name=\"your-apellidos\" \/><\/span><br \/>\n<\/label><br \/>\n<label><br \/>\n<b>* E-mail<\/b><br \/>\n<span class=\"wpcf7-form-control-wrap\" data-name=\"your-e-mail\"><input size=\"40\" class=\"wpcf7-form-control wpcf7-text wpcf7-email wpcf7-validates-as-required wpcf7-validates-as-email\" aria-required=\"true\" aria-invalid=\"false\" value=\"\" type=\"email\" name=\"your-e-mail\" \/><\/span><br \/>\n<\/label><br \/>\n<b>* Comentarios<\/b><br \/>\n<span class=\"wpcf7-form-control-wrap\" data-name=\"your-comentarios\"><textarea cols=\"40\" rows=\"10\" class=\"wpcf7-form-control wpcf7-textarea wpcf7-validates-as-required\" aria-required=\"true\" aria-invalid=\"false\" name=\"your-comentarios\"><\/textarea><\/span><br \/>\n<\/p>\n<p> (*) Los campos son obligatorios.\n<\/p>\n\n<p><input class=\"wpcf7-form-control has-spinner wpcf7-submit\" type=\"submit\" value=\"Enviar\" \/>\n<\/p><p style=\"display: none !important;\"><label>&#916;<textarea name=\"_wpcf7_ak_hp_textarea\" cols=\"45\" rows=\"8\" maxlength=\"100\"><\/textarea><\/label><input type=\"hidden\" id=\"ak_js_1\" name=\"_wpcf7_ak_js\" value=\"202\"\/><script>document.getElementById( \"ak_js_1\" ).setAttribute( \"value\", ( new Date() ).getTime() );<\/script><\/p><div class=\"wpcf7-response-output\" aria-hidden=\"true\"><\/div>\n<\/form>\n<\/div>\n\n","protected":false},"excerpt":{"rendered":"<p>M\u00e1s informaci\u00f3n sobre BECAS Becas Progresar Superior \u00bfQui\u00e9nes pueden inscribirse a la Beca? J\u00f3venes de 18 a 24 a\u00f1os de edad. Estudiantes avanzados\/as hasta 30 a\u00f1os de edad. Madres de hogares monoparentales hasta 35 a\u00f1os de edad. Estudiantes de enfermer\u00eda (PRONAFE) y otros grupos prioritarios sin l\u00edmites de edad. Personas con discapacidad sin l\u00edmites de &#8230; <a title=\"Becas\" class=\"read-more\" href=\"https:\/\/jorgedonn-caba.infd.edu.ar\/sitio\/becas\/\" aria-label=\"More on Becas\">[+]<\/a><\/p>\n","protected":false},"author":13,"featured_media":0,"parent":0,"menu_order":0,"comment_status":"closed","ping_status":"closed","template":"","meta":[],"acf":[],"_links":{"self":[{"href":"https:\/\/jorgedonn-caba.infd.edu.ar\/sitio\/wp-json\/wp\/v2\/pages\/893"}],"collection":[{"href":"https:\/\/jorgedonn-caba.infd.edu.ar\/sitio\/wp-json\/wp\/v2\/pages"}],"about":[{"href":"https:\/\/jorgedonn-caba.infd.edu.ar\/sitio\/wp-json\/wp\/v2\/types\/page"}],"author":[{"embeddable":true,"href":"https:\/\/jorgedonn-caba.infd.edu.ar\/sitio\/wp-json\/wp\/v2\/users\/13"}],"replies":[{"embeddable":true,"href":"https:\/\/jorgedonn-caba.infd.edu.ar\/sitio\/wp-json\/wp\/v2\/comments?post=893"}],"version-history":[{"count":17,"href":"https:\/\/jorgedonn-caba.infd.edu.ar\/sitio\/wp-json\/wp\/v2\/pages\/893\/revisions"}],"predecessor-version":[{"id":1762,"href":"https:\/\/jorgedonn-caba.infd.edu.ar\/sitio\/wp-json\/wp\/v2\/pages\/893\/revisions\/1762"}],"wp:attachment":[{"href":"https:\/\/jorgedonn-caba.infd.edu.ar\/sitio\/wp-json\/wp\/v2\/media?parent=893"}],"curies":[{"name":"wp","href":"https:\/\/api.w.org\/{rel}","templated":true}]}}